{"id":62,"date":"2017-12-24T09:57:48","date_gmt":"2017-12-24T08:57:48","guid":{"rendered":"http:\/\/localhost\/hlinar\/?page_id=62"},"modified":"2021-12-05T18:20:31","modified_gmt":"2021-12-05T17:20:31","slug":"faq-hlinene-omietky","status":"publish","type":"page","link":"https:\/\/hlinar.sk\/en\/najcastejsie-otazky-a-odpovede-z-praxe\/faq-hlinene-omietky\/","title":{"rendered":"FAQ &#8211; Hlinen\u00e9 omietky"},"content":{"rendered":"<h4 style=\"text-align: center;\"><span style=\"color: #993300;\"><strong><span style=\"font-family: papiruss;\">FAQ &#8211; Hlinen\u00e9 omietky<\/span><\/strong><\/span><\/h4>\n<ul>\n<li>\n<h4>Je hlinen\u00e1 omietka drah\u0161ia ne\u017e in\u00e9?<\/h4>\n<\/li>\n<\/ul>\n<p>M\u00f4\u017ee by\u0165 a nemus\u00ed. Z\u00e1vis\u00ed to od v\u00e1\u0161ho v\u00fdberu materi\u00e1lu a sp\u00f4sobu pr\u00e1ce. Ja pon\u00fakam mo\u017enos\u0165 vybra\u0165 si hlinen\u00e9 omietky tzv. na k\u013e\u00fa\u010d. V\u0161etky pr\u00e1ce zabezpe\u010d\u00edm ja, vy si vyberiete materi\u00e1l, farbu a povrch. To je najdrah\u0161ia mo\u017enos\u0165. Alebo naopak v\u00e1s nau\u010d\u00edm ako si omietky spravi\u0165 z vlastnej hliny a svojpomocne. M\u00f4\u017eete sa to nau\u010di\u0165 priamo u v\u00e1s na stavbe alebo na kurzoch v <a href=\"http:\/\/ozartur.sk\">ekocentre ArTUR<\/a>. V takom pr\u00edpade bude pre v\u00e1s hlinen\u00e1 omietka ur\u010dite lacnej\u0161ia ne\u017e ktor\u00e1ko\u013evek in\u00e1. V\u0161etko z\u00e1vis\u00ed od va\u0161ej \u0161ikovnosti (pr\u00edpadne odvahy) a pomeru \u010dasu a financi\u00ed.<\/p>\n<ul>\n<li>\n<h4>Je hlinen\u00e1 omietka vhodn\u00e1 aj do k\u00fapelne?<\/h4>\n<\/li>\n<\/ul>\n<p>Hlinen\u00e9 omietky s\u00fa vhodn\u00e9 aj do k\u00fape\u013en\u00ed, preto\u017ee ve\u013emi dobre pohlcuj\u00fa n\u00e1razov\u00fa vzdu\u0161n\u00fa vlhkos\u0165. T\u00e1 pri sprchovan\u00ed&nbsp; doslova vylet\u00ed na 95-100%. Naviac sa vodn\u00e1 para pri kontakte s chladnej\u0161\u00edm povrchom men\u00ed na vodu a pokia\u013e je ten povrch nenasiakav\u00fd, zost\u00e1va t\u00e1to voda na povrchu. Ak nem\u00e1te dobre vyrie\u0161en\u00e9 dostato\u010dn\u00e9 odvetranie tak\u00e9hoto priestoru, vznik\u00e1 riziko plesn\u00ed.<\/p>\n<p>V k\u00fape\u013eni je hlinen\u00e1 omietka vhodn\u00e1 v\u0161ade tam, kde nie je riziko priameho p\u00f4sobenia vody (okolo vane, v sprchovom k\u00fate, za um\u00fdvadlom&#8230;). Tie\u017e tam, kde nie s\u00fa zv\u00fd\u0161en\u00e9 n\u00e1roky na hygienick\u00fa \u00fadr\u017ebu povrchu (za wc&#8230;). Tam kde treba vodeodoln\u00fd povrch je k hlinenej omietke ide\u00e1lny marock\u00fd \u0161tuk.<\/p>\n<ul>\n<li>\n<h4>Po\u010dul som, \u017ee ke\u010f budem ma\u0165 v k\u00fape\u013eni <a href=\"https:\/\/hlinar.sk\/en\/hlinene-omietky\/\">hlinen\u00e9 omietky<\/a>, neoros\u00ed sa mi zrkadlo&#8230;<\/h4>\n<\/li>\n<\/ul>\n<p>T\u00e1to te\u00f3ria je zav\u00e1dzaj\u00faca, preto\u017ee to z\u00e1vis\u00ed na podmienkach. Ja m\u00e1m v k\u00fape\u013eni hlinen\u00e9 omietky a zrkadl\u00e1 sa mi rosia. Je to sp\u00f4soben\u00e9 t\u00fdm, \u017ee zrkadl\u00e1 s\u00fa ve\u013ek\u00e9 a plocha hlinen\u00fdch omietok je nedostato\u010dn\u00e1 na pohltenie vzniknutej pary. T\u00e1 sa dostane k studen\u00fdm zrkadl\u00e1m a premen\u00ed sa na vodu. Tak\u017ee je to z\u00e1visl\u00e9 od plochy <a href=\"https:\/\/hlinar.sk\/en\/product-category\/hlinene-omietky\/\">hlinen\u00fdch omietok<\/a> v pomere k ostatn\u00fdm nenasiakav\u00fdm materi\u00e1lom a n\u00e1sledne od ve\u013ekosti miestnosti. M\u00f4\u017eu sa rosi\u0165 a nemusia&#8230;<\/p>\n<ul>\n<li>\n<h4>Chceli by sme hlinen\u00e9 omietky, ale m\u00e1me obavy, \u017ee bud\u00fa pr\u00edli\u0161 tmav\u00e9&#8230;<\/h4>\n<\/li>\n<\/ul>\n<p>T\u00e1to obava vznik\u00e1 pri predstave, \u017ee <a href=\"https:\/\/hlinar.sk\/en\/product-category\/hlinene-omietky\/hlinene-omietky-jemne\/\">hlinen\u00e9 omietky<\/a> s\u00fa len hned\u00e9. Nie je to v\u0161ak pravda. Farby r\u00f4znych <a href=\"https:\/\/hlinar.sk\/en\/product-category\/hlinene-omietky\/ily\/\">\u00edlov<\/a> z ktor\u00fdch sa <a href=\"https:\/\/hlinar.sk\/en\/product-category\/hlinene-omietky\/hlinene-omietky-jemne\/\">hlinen\u00e9 omietky<\/a> mie\u0161aj\u00fa s\u00fa od bielej, cez \u017elt\u00e9, oran\u017eov\u00e9, modr\u00e9, zelen\u00e9, \u010derven\u00e9 a\u017e po takmer \u010dierne. Naviac je mo\u017enos\u0165 docieli\u0165 takmer ak\u00fako\u013evek farbu t\u00f3novan\u00edm <a href=\"https:\/\/hlinar.sk\/en\/product-category\/pigmenty\/\">pr\u00edrodn\u00fdmi pigmentami<\/a>. <a href=\"https:\/\/hlinar.sk\/en\/product-category\/hlinene-omietky\/hlinene-omietky-jemne\/\">Clay plasters<\/a> je tie\u017e mo\u017en\u00e9 ma\u013eova\u0165 farbami dif\u00fazne otvoren\u00fdmi tak, aby sa zachovala paropriepustnos\u0165 hlinenej omietky (v\u00e1penn\u00e9 n\u00e1tery, n\u00e1tery na b\u00e1ze kaol\u00ednu, <a href=\"https:\/\/www.alfanatur.sk\/Krycie-a-finalne-natery-c10_0_1.htm\">kaze\u00ednov\u00e9 farby<\/a>&#8230;)<\/p>\n<figure id=\"attachment_1804\" aria-describedby=\"caption-attachment-1804\" style=\"width: 980px\" class=\"wp-caption aligncenter\"><img loading=\"lazy\" decoding=\"async\" class=\"wp-image-1804 size-large\" src=\"https:\/\/hlinar.sk\/sk\/wp-content\/uploads\/2019\/02\/sample-1024x768.jpg\" alt=\"Hlinen\u00e9 omietky - farby\" width=\"980\" height=\"735\" srcset=\"https:\/\/hlinar.sk\/sk\/wp-content\/uploads\/2019\/02\/sample-1024x768.jpg 1024w, https:\/\/hlinar.sk\/sk\/wp-content\/uploads\/2019\/02\/sample-324x243.jpg 324w, https:\/\/hlinar.sk\/sk\/wp-content\/uploads\/2019\/02\/sample-416x312.jpg 416w, https:\/\/hlinar.sk\/sk\/wp-content\/uploads\/2019\/02\/sample-300x225.jpg 300w, https:\/\/hlinar.sk\/sk\/wp-content\/uploads\/2019\/02\/sample-768x576.jpg 768w, https:\/\/hlinar.sk\/sk\/wp-content\/uploads\/2019\/02\/sample.jpg 1600w\" sizes=\"auto, (max-width: 980px) 100vw, 980px\" \/><figcaption id=\"caption-attachment-1804\" class=\"wp-caption-text\">Hlinen\u00e9 omietky &#8211; vzorky farieb \u00edlov, pieskov a pigmenty.<\/figcaption><\/figure>\n<p>&nbsp;<\/p>\n<ul>\n<li>\n<h4>Ak\u00e9 hrub\u00e9 s\u00fa hlinen\u00e9 omietky?<\/h4>\n<\/li>\n<\/ul>\n<p>To z\u00e1vis\u00ed od \u00fa\u010delu ktor\u00e9mu maj\u00fa sl\u00fa\u017ei\u0165 a podkladu na ktor\u00fd sa bud\u00fa nan\u00e1\u0161a\u0165. Ak chcete funk\u010dn\u00e9 hlinen\u00e9 omietky, ktor\u00e9 v\u00e1m bud\u00fa dobre regulova\u0165 vzdu\u0161n\u00fa vlhkos\u0165, tak by ste mali ma\u0165 celkov\u00fa hr\u00fabku aspo\u0148 2 &#8211; 2,5 cm. Ak m\u00e1te na sten\u00e1ch ve\u013ea nerovnost\u00ed, budete ma\u0165 prirodzene omietku hrub\u0161iu. Ak m\u00e1 hlinen\u00e1 omietka plni\u0165 dekorat\u00edvny \u00fa\u010del, m\u00f4\u017ee ma\u0165 hr\u00fabku 2-5 mm. Na obr\u00e1zku je pr\u00edklad skladby hlinen\u00fdch omietok na stene z hlinen\u00fdch teh\u00e1l.<\/p>\n<figure id=\"attachment_1806\" aria-describedby=\"caption-attachment-1806\" style=\"width: 980px\" class=\"wp-caption aligncenter\"><img loading=\"lazy\" decoding=\"async\" class=\"wp-image-1806 size-large\" src=\"https:\/\/hlinar.sk\/sk\/wp-content\/uploads\/2019\/02\/hlinena-omietka-na-hlinenu-tehlu-heluz-1-1024x768.jpg\" alt=\"Zlo\u017eenie vrstien hlinenej omietky.\" width=\"980\" height=\"735\" srcset=\"https:\/\/hlinar.sk\/sk\/wp-content\/uploads\/2019\/02\/hlinena-omietka-na-hlinenu-tehlu-heluz-1-1024x768.jpg 1024w, https:\/\/hlinar.sk\/sk\/wp-content\/uploads\/2019\/02\/hlinena-omietka-na-hlinenu-tehlu-heluz-1-324x243.jpg 324w, https:\/\/hlinar.sk\/sk\/wp-content\/uploads\/2019\/02\/hlinena-omietka-na-hlinenu-tehlu-heluz-1-416x312.jpg 416w, https:\/\/hlinar.sk\/sk\/wp-content\/uploads\/2019\/02\/hlinena-omietka-na-hlinenu-tehlu-heluz-1-300x225.jpg 300w, https:\/\/hlinar.sk\/sk\/wp-content\/uploads\/2019\/02\/hlinena-omietka-na-hlinenu-tehlu-heluz-1-768x576.jpg 768w\" sizes=\"auto, (max-width: 980px) 100vw, 980px\" \/><figcaption id=\"caption-attachment-1806\" class=\"wp-caption-text\">Hlinen\u00e1 omietka pr\u00edklad &#8211; zlo\u017eenie vrstiev na modernej hlinenej tehle.<\/figcaption><\/figure>\n<p>&nbsp;<\/p>\n<ul>\n<li>\n<h4>Ako dlho vydr\u017e\u00ed hlinen\u00e1 omietka?<\/h4>\n<\/li>\n<\/ul>\n<p>Hlinen\u00e1 omietka podlieha priamemu p\u00f4sobeniu vody (nie vzdu\u0161nej vlhkosti!) a mechanick\u00e9mu opotrebeniu. Pri dodr\u017ean\u00ed spr\u00e1vneho nan\u00e1\u0161ania a kvality zmesi v\u00e1m hlinen\u00e1 omietka posl\u00fa\u017ei desiatky rokov. Najstar\u0161ia zn\u00e1ma hlinen\u00e1 tehla (nep\u00e1len\u00e1) je star\u00e1 cca 10.000 rokov&#8230;<\/p>\n<ul>\n<li>\n<h4>Nebude sa z hlinen\u00fdch omietok drobi\u0165 piesok?<\/h4>\n<\/li>\n<\/ul>\n<p>Z poctivo urobenej omietky sa piesok neuvo\u013e\u0148uje. D\u00f4vody drobenia piesku zo stien m\u00f4\u017eu by\u0165 dva: zle namie\u0161an\u00e1 zmes alebo nekvalitn\u00e1 pr\u00e1ca. V obidvoch pr\u00edpadoch je to probl\u00e9m toho, kto hlinen\u00e9 omietky nan\u00e1\u0161al na stenu. Pri pr\u00e1ci sa materi\u00e1l prejav\u00ed. Remeseln\u00edk, ktor\u00fd svojej pr\u00e1ci rozumie, to zist\u00ed. Stal sa pr\u00edpad, \u017ee z\u00e1kazn\u00edk si vybral najlacnej\u0161ie hlinen\u00e9 omietky, tie sa mu potom &#8222;sypali&#8220;. Ten najlacnej\u0161\u00ed omietkar sa u\u017e neun\u00faval dvihn\u00fa\u0165 telef\u00f3n a dan\u00fd probl\u00e9m zodpovedne rie\u0161i\u0165. Toto sa d\u00e1 o\u0161etri\u0165 zmluvou o dielo pred za\u010dat\u00edm pr\u00e1c.<\/p>\n<ul>\n<li>\n<h4>Ak\u00fd mus\u00ed by\u0165 podklad pod hlinen\u00e9 omietky?<\/h4>\n<\/li>\n<\/ul>\n<p>Podklad pod hlinen\u00e9 omietky mus\u00ed by\u0165 nasiakav\u00fd a drsn\u00fd a ak nie je dostato\u010dne nasiakav\u00fd, tak aspo\u0148 drsn\u00fd. Z\u00e1vis\u00ed to od po\u017eadovanej celkovej hr\u00fabky bud\u00facej hlinenej omietky a podkladu.<\/p>\n<ul>\n<li>\n<h4>Daj\u00fa sa upravi\u0165 hlinen\u00e9 povrchy tak, aby boli trvale vodeodoln\u00e9?<\/h4>\n<\/li>\n<\/ul>\n<p>Daj\u00fa, ale tak\u00fdto povrch u\u017e nebude dif\u00fazne otvoren\u00fd, pr\u00edpadne len minim\u00e1lne (napr. s\u00fa\u010dasn\u00e9 <a href=\"https:\/\/hlinar.sk\/en\/fotogaleria\/hlinene-podlahy\/\" target=\"_blank\" rel=\"noopener noreferrer\">hlinen\u00e9 podlahy<\/a>).<\/p>\n<ul>\n<li>\n<h4>Nepoprask\u00e1 mi hlinen\u00e1 omietka?<\/h4>\n<\/li>\n<\/ul>\n<p>Na hrubej omietke m\u00f4\u017eu vznikn\u00fa\u0165 vl\u00e1so\u010dnicov\u00e9 trhlinky. Ak s\u00fa trhliny v\u00e4\u010d\u0161ie, je to probl\u00e9m, ktor\u00fd sa m\u00f4\u017ee prenies\u0165 do jemn\u00fdch omietok. M\u00f4\u017ee sa to prejavi\u0165 aj ove\u013ea nesk\u00f4r. Ak s\u00fa trhliny v jemnej omietke, je to sp\u00f4soben\u00e9 neodborn\u00fdm nan\u00e1\u0161an\u00edm alebo nekvalitnou zmesou. Treba v\u0161ak rozli\u0161ova\u0165 medzi trhlinami v omietke a trhlinami, ktor\u00e9 vznikaj\u00fa pohybom kon\u0161trukci\u00ed.<\/p>\n<ul>\n<li>\n<h4>Z \u010doho je hlinen\u00e1 omietka?<\/h4>\n<\/li>\n<\/ul>\n<p>V hlinenej omietke je z\u00e1klad hlina a piesok. V hrubej omietke je piesok 0-4 mm a v jemnej 0-2 mm. Ak&nbsp; sa jedn\u00e1 o priemyselne vyr\u00e1ban\u00fa omietku, treba sa p\u00fdta\u0165 v\u00fdrobcu ak\u00fa frakciu do zmesi namie\u0161al). S\u00fa aj dekorat\u00edvne omietky v ktor\u00fdch je ve\u013emi jemn\u00e1 frakcia piesku. Pod\u013ea potreby sa m\u00f4\u017ee do omietky prid\u00e1va\u0165 pr\u00edrodn\u00e9 vl\u00e1kno, \u010di u\u017e ako v\u00fdstu\u017e pri hrub\u0161\u00edch vrstv\u00e1ch alebo ako dekora\u010dn\u00fd prvok.<\/p>\n<p>&nbsp;<\/p>\n<h4>V PR\u00cdPADE, \u017dE M\u00c1TE OT\u00c1ZKU, KTOR\u00c1 V\u00c1M TU CH\u00ddBA, NAP\u00cd\u0160TE MI:<\/h4>\n<div class=\"caldera-grid\" id=\"caldera_form_1\" data-cf-ver=\"1.9.6\" data-cf-form-id=\"CF5a63396ee4132\"><div id=\"caldera_notices_1\" data-spinner=\"https:\/\/hlinar.sk\/sk\/wp-admin\/images\/spinner.gif\"><\/div><form data-instance=\"1\" class=\"CF5a63396ee4132 caldera_forms_form cfajax-trigger\" method=\"POST\" enctype=\"multipart\/form-data\" id=\"CF5a63396ee4132_1\" data-form-id=\"CF5a63396ee4132\" aria-label=\"FAQ\" data-target=\"#caldera_notices_1\" data-template=\"#cfajax_CF5a63396ee4132-tmpl\" data-cfajax=\"CF5a63396ee4132\" data-load-element=\"_parent\" data-load-class=\"cf_processing\" data-post-disable=\"0\" data-action=\"cf_process_ajax_submit\" data-request=\"https:\/\/hlinar.sk\/en\/cf-api\/CF5a63396ee4132\" data-hiderows=\"true\" action=\"\">\r\n<input type=\"hidden\" id=\"_cf_verify_CF5a63396ee4132\" name=\"_cf_verify\" value=\"37a4185c69\"  data-nonce-time=\"1777572702\" \/><input type=\"hidden\" name=\"_wp_http_referer\" value=\"\/en\/wp-json\/wp\/v2\/pages\/62\" \/><div id=\"cf2-CF5a63396ee4132_1\"><\/div><input type=\"hidden\" name=\"_cf_frm_id\" value=\"CF5a63396ee4132\">\r\n<input type=\"hidden\" name=\"_cf_frm_ct\" value=\"1\">\r\n<input type=\"hidden\" name=\"cfajax\" value=\"CF5a63396ee4132\">\r\n<input type=\"hidden\" name=\"_cf_cr_pst\" value=\"62\">\r\n<div class=\"hide\" style=\"display:none; overflow:hidden;height:0;width:0;\">\r\n<label>Order Number<\/label><input type=\"text\" name=\"order_number\" value=\"\" autocomplete=\"off\">\r\n<\/div><div id=\"CF5a63396ee4132_1-row-1\"  class=\"row  first_row\"><div  class=\"col-sm-3  first_col\"><div data-field-wrapper=\"fld_9469168\" class=\"form-group\" id=\"fld_9469168_1-wrap\">\r\n\t<label id=\"fld_9469168Label\" for=\"fld_9469168_1\" class=\"control-label\">MENO<\/label>\r\n\t<div class=\"\">\r\n\t\t<input    type=\"text\" data-field=\"fld_9469168\" class=\"form-control\" id=\"fld_9469168_1\" name=\"fld_9469168\" value=\"\" data-type=\"text\"   aria-labelledby=\"fld_9469168Label\" >\t\t\t<\/div>\r\n<\/div>\r\n<div data-field-wrapper=\"fld_8987393\" class=\"form-group\" id=\"fld_8987393_1-wrap\">\r\n\t<label id=\"fld_8987393Label\" for=\"fld_8987393_1\" class=\"control-label\">EMAIL<\/label>\r\n\t<div class=\"\">\r\n\t\t<input    type=\"email\" data-field=\"fld_8987393\" class=\"form-control\" id=\"fld_8987393_1\" name=\"fld_8987393\" value=\"\" data-type=\"email\"   aria-labelledby=\"fld_8987393Label\" >\t\t\t<\/div>\r\n<\/div>\r\n<\/div><div  class=\"col-sm-3\"><\/div><div  class=\"col-sm-3\"><\/div><div  class=\"col-sm-3  last_col\"><\/div><\/div><div id=\"CF5a63396ee4132_1-row-2\"  class=\"row\"><div  class=\"col-sm-6  first_col\"><div data-field-wrapper=\"fld_7683514\" class=\"form-group\" id=\"fld_7683514_1-wrap\">\r\n\t<label id=\"fld_7683514Label\" for=\"fld_7683514_1\" class=\"control-label\">OT\u00c1ZKA <span aria-hidden=\"true\" role=\"presentation\" class=\"field_required\" style=\"color:#ee0000;\">*<\/span><\/label>\r\n\t<div class=\"\">\r\n\t\t<textarea name=\"fld_7683514\" value=\"\" data-field=\"fld_7683514\" class=\"form-control\" id=\"fld_7683514_1\" rows=\"7\"  required=\"required\"  aria-labelledby=\"fld_7683514Label\" ><\/textarea>\n\t\t\t<\/div>\r\n<\/div>\r\n<\/div><div  class=\"col-sm-6  last_col\"><\/div><\/div><div id=\"CF5a63396ee4132_1-row-3\"  class=\"row  last_row\"><div  class=\"col-sm-3  first_col\"><div data-field-wrapper=\"fld_7908577\" class=\"form-group\" id=\"fld_7908577_1-wrap\">\r\n<div class=\"\">\r\n\t<input  class=\"btn btn-default\" type=\"submit\" name=\"fld_7908577\" id=\"fld_7908577_1\" value=\"ODOSLA\u0164\" data-field=\"fld_7908577\"  >\n<\/div>\r\n<\/div>\r\n\t<input class=\"button_trigger_1\" type=\"hidden\" name=\"fld_7908577\" id=\"fld_7908577_1_btn\" value=\"\" data-field=\"fld_7908577\"  \/>\n<\/div><div  class=\"col-sm-3\"><\/div><div  class=\"col-sm-6  last_col\"><\/div><\/div><input type=\"hidden\" name=\"trp-form-language\" value=\"en\"\/><\/form>\r\n<\/div>","protected":false},"excerpt":{"rendered":"<p>FAQ &#8211; Hlinen\u00e9 omietky Je hlinen\u00e1 omietka drah\u0161ia ne\u017e in\u00e9? M\u00f4\u017ee by\u0165 a nemus\u00ed. Z\u00e1vis\u00ed to od v\u00e1\u0161ho v\u00fdberu materi\u00e1lu a sp\u00f4sobu pr\u00e1ce. Ja pon\u00fakam mo\u017enos\u0165 vybra\u0165 si hlinen\u00e9 omietky tzv. na k\u013e\u00fa\u010d. V\u0161etky pr\u00e1ce zabezpe\u010d\u00edm ja, vy si vyberiete materi\u00e1l, farbu a povrch. To je najdrah\u0161ia mo\u017enos\u0165. Alebo naopak v\u00e1s nau\u010d\u00edm ako si omietky [&hellip;]<\/p>\n","protected":false},"author":2,"featured_media":0,"parent":43,"menu_order":0,"comment_status":"closed","ping_status":"closed","template":"","meta":{"ngg_post_thumbnail":0,"footnotes":""},"class_list":["post-62","page","type-page","status-publish","hentry"],"yoast_head":"<!-- This site is optimized with the Yoast SEO plugin v27.2 - https:\/\/yoast.com\/product\/yoast-seo-wordpress\/ -->\n<title>FAQ - Hlinen\u00e9 omietky - HLIN\u00c1R Stano Prorok<\/title>\n<meta name=\"robots\" content=\"index, follow, max-snippet:-1, max-image-preview:large, max-video-preview:-1\" \/>\n<link rel=\"canonical\" href=\"https:\/\/hlinar.sk\/en\/najcastejsie-otazky-a-odpovede-z-praxe\/faq-hlinene-omietky\/\" \/>\n<meta property=\"og:locale\" content=\"en_GB\" \/>\n<meta property=\"og:type\" content=\"article\" \/>\n<meta property=\"og:title\" content=\"FAQ - Hlinen\u00e9 omietky - HLIN\u00c1R Stano Prorok\" \/>\n<meta property=\"og:description\" content=\"FAQ &#8211; Hlinen\u00e9 omietky Je hlinen\u00e1 omietka drah\u0161ia ne\u017e in\u00e9? M\u00f4\u017ee by\u0165 a nemus\u00ed. Z\u00e1vis\u00ed to od v\u00e1\u0161ho v\u00fdberu materi\u00e1lu a sp\u00f4sobu pr\u00e1ce. Ja pon\u00fakam mo\u017enos\u0165 vybra\u0165 si hlinen\u00e9 omietky tzv. na k\u013e\u00fa\u010d. V\u0161etky pr\u00e1ce zabezpe\u010d\u00edm ja, vy si vyberiete materi\u00e1l, farbu a povrch. To je najdrah\u0161ia mo\u017enos\u0165. Alebo naopak v\u00e1s nau\u010d\u00edm ako si omietky [&hellip;]\" \/>\n<meta property=\"og:url\" content=\"https:\/\/hlinar.sk\/en\/najcastejsie-otazky-a-odpovede-z-praxe\/faq-hlinene-omietky\/\" \/>\n<meta property=\"og:site_name\" content=\"HLIN\u00c1R Stano Prorok\" \/>\n<meta property=\"article:modified_time\" content=\"2021-12-05T17:20:31+00:00\" \/>\n<meta property=\"og:image\" content=\"https:\/\/hlinar.sk\/sk\/wp-content\/uploads\/2019\/02\/sample-1024x768.jpg\" \/>\n<meta name=\"twitter:card\" content=\"summary_large_image\" \/>\n<meta name=\"twitter:label1\" content=\"Estimated reading time\" \/>\n\t<meta name=\"twitter:data1\" content=\"5 minutes\" \/>\n<script type=\"application\/ld+json\" class=\"yoast-schema-graph\">{\"@context\":\"https:\/\/schema.org\",\"@graph\":[{\"@type\":\"WebPage\",\"@id\":\"https:\/\/hlinar.sk\/najcastejsie-otazky-a-odpovede-z-praxe\/faq-hlinene-omietky\/\",\"url\":\"https:\/\/hlinar.sk\/najcastejsie-otazky-a-odpovede-z-praxe\/faq-hlinene-omietky\/\",\"name\":\"FAQ - Hlinen\u00e9 omietky - HLIN\u00c1R Stano Prorok\",\"isPartOf\":{\"@id\":\"https:\/\/hlinar.sk\/#website\"},\"primaryImageOfPage\":{\"@id\":\"https:\/\/hlinar.sk\/najcastejsie-otazky-a-odpovede-z-praxe\/faq-hlinene-omietky\/#primaryimage\"},\"image\":{\"@id\":\"https:\/\/hlinar.sk\/najcastejsie-otazky-a-odpovede-z-praxe\/faq-hlinene-omietky\/#primaryimage\"},\"thumbnailUrl\":\"https:\/\/hlinar.sk\/sk\/wp-content\/uploads\/2019\/02\/sample-1024x768.jpg\",\"datePublished\":\"2017-12-24T08:57:48+00:00\",\"dateModified\":\"2021-12-05T17:20:31+00:00\",\"breadcrumb\":{\"@id\":\"https:\/\/hlinar.sk\/najcastejsie-otazky-a-odpovede-z-praxe\/faq-hlinene-omietky\/#breadcrumb\"},\"inLanguage\":\"en-GB\",\"potentialAction\":[{\"@type\":\"ReadAction\",\"target\":[\"https:\/\/hlinar.sk\/najcastejsie-otazky-a-odpovede-z-praxe\/faq-hlinene-omietky\/\"]}]},{\"@type\":\"ImageObject\",\"inLanguage\":\"en-GB\",\"@id\":\"https:\/\/hlinar.sk\/najcastejsie-otazky-a-odpovede-z-praxe\/faq-hlinene-omietky\/#primaryimage\",\"url\":\"https:\/\/hlinar.sk\/sk\/wp-content\/uploads\/2019\/02\/sample-1024x768.jpg\",\"contentUrl\":\"https:\/\/hlinar.sk\/sk\/wp-content\/uploads\/2019\/02\/sample-1024x768.jpg\"},{\"@type\":\"BreadcrumbList\",\"@id\":\"https:\/\/hlinar.sk\/najcastejsie-otazky-a-odpovede-z-praxe\/faq-hlinene-omietky\/#breadcrumb\",\"itemListElement\":[{\"@type\":\"ListItem\",\"position\":1,\"name\":\"Home\",\"item\":\"https:\/\/hlinar.sk\/\"},{\"@type\":\"ListItem\",\"position\":2,\"name\":\"Naj\u010dastej\u0161ie ot\u00e1zky a odpovede z praxe\",\"item\":\"https:\/\/hlinar.sk\/najcastejsie-otazky-a-odpovede-z-praxe\/\"},{\"@type\":\"ListItem\",\"position\":3,\"name\":\"FAQ &#8211; Hlinen\u00e9 omietky\"}]},{\"@type\":\"WebSite\",\"@id\":\"https:\/\/hlinar.sk\/#website\",\"url\":\"https:\/\/hlinar.sk\/\",\"name\":\"HLIN\u00c1R Stano Prorok\",\"description\":\"Stavebniny od pr\u00edrody.\",\"publisher\":{\"@id\":\"https:\/\/hlinar.sk\/#organization\"},\"potentialAction\":[{\"@type\":\"SearchAction\",\"target\":{\"@type\":\"EntryPoint\",\"urlTemplate\":\"https:\/\/hlinar.sk\/?s={search_term_string}\"},\"query-input\":{\"@type\":\"PropertyValueSpecification\",\"valueRequired\":true,\"valueName\":\"search_term_string\"}}],\"inLanguage\":\"en-GB\"},{\"@type\":\"Organization\",\"@id\":\"https:\/\/hlinar.sk\/#organization\",\"name\":\"HLIN\u00c1R Stano Prorok\",\"url\":\"https:\/\/hlinar.sk\/\",\"logo\":{\"@type\":\"ImageObject\",\"inLanguage\":\"en-GB\",\"@id\":\"https:\/\/hlinar.sk\/#\/schema\/logo\/image\/\",\"url\":\"https:\/\/hlinar.sk\/sk\/wp-content\/uploads\/2020\/11\/logo-na-stranku-s-nazvom-priesvit-biele.png\",\"contentUrl\":\"https:\/\/hlinar.sk\/sk\/wp-content\/uploads\/2020\/11\/logo-na-stranku-s-nazvom-priesvit-biele.png\",\"width\":8048,\"height\":1432,\"caption\":\"HLIN\u00c1R Stano Prorok\"},\"image\":{\"@id\":\"https:\/\/hlinar.sk\/#\/schema\/logo\/image\/\"}}]}<\/script>\n<!-- \/ Yoast SEO plugin. -->","yoast_head_json":{"title":"FAQ - Hlinen\u00e9 omietky - HLIN\u00c1R Stano Prorok","robots":{"index":"index","follow":"follow","max-snippet":"max-snippet:-1","max-image-preview":"max-image-preview:large","max-video-preview":"max-video-preview:-1"},"canonical":"https:\/\/hlinar.sk\/en\/najcastejsie-otazky-a-odpovede-z-praxe\/faq-hlinene-omietky\/","og_locale":"en_GB","og_type":"article","og_title":"FAQ - Hlinen\u00e9 omietky - HLIN\u00c1R Stano Prorok","og_description":"FAQ &#8211; Hlinen\u00e9 omietky Je hlinen\u00e1 omietka drah\u0161ia ne\u017e in\u00e9? M\u00f4\u017ee by\u0165 a nemus\u00ed. Z\u00e1vis\u00ed to od v\u00e1\u0161ho v\u00fdberu materi\u00e1lu a sp\u00f4sobu pr\u00e1ce. Ja pon\u00fakam mo\u017enos\u0165 vybra\u0165 si hlinen\u00e9 omietky tzv. na k\u013e\u00fa\u010d. V\u0161etky pr\u00e1ce zabezpe\u010d\u00edm ja, vy si vyberiete materi\u00e1l, farbu a povrch. To je najdrah\u0161ia mo\u017enos\u0165. Alebo naopak v\u00e1s nau\u010d\u00edm ako si omietky [&hellip;]","og_url":"https:\/\/hlinar.sk\/en\/najcastejsie-otazky-a-odpovede-z-praxe\/faq-hlinene-omietky\/","og_site_name":"HLIN\u00c1R Stano Prorok","article_modified_time":"2021-12-05T17:20:31+00:00","og_image":[{"url":"https:\/\/hlinar.sk\/sk\/wp-content\/uploads\/2019\/02\/sample-1024x768.jpg","type":"","width":"","height":""}],"twitter_card":"summary_large_image","twitter_misc":{"Estimated reading time":"5 minutes"},"schema":{"@context":"https:\/\/schema.org","@graph":[{"@type":"WebPage","@id":"https:\/\/hlinar.sk\/najcastejsie-otazky-a-odpovede-z-praxe\/faq-hlinene-omietky\/","url":"https:\/\/hlinar.sk\/najcastejsie-otazky-a-odpovede-z-praxe\/faq-hlinene-omietky\/","name":"FAQ - Hlinen\u00e9 omietky - HLIN\u00c1R Stano Prorok","isPartOf":{"@id":"https:\/\/hlinar.sk\/#website"},"primaryImageOfPage":{"@id":"https:\/\/hlinar.sk\/najcastejsie-otazky-a-odpovede-z-praxe\/faq-hlinene-omietky\/#primaryimage"},"image":{"@id":"https:\/\/hlinar.sk\/najcastejsie-otazky-a-odpovede-z-praxe\/faq-hlinene-omietky\/#primaryimage"},"thumbnailUrl":"https:\/\/hlinar.sk\/sk\/wp-content\/uploads\/2019\/02\/sample-1024x768.jpg","datePublished":"2017-12-24T08:57:48+00:00","dateModified":"2021-12-05T17:20:31+00:00","breadcrumb":{"@id":"https:\/\/hlinar.sk\/najcastejsie-otazky-a-odpovede-z-praxe\/faq-hlinene-omietky\/#breadcrumb"},"inLanguage":"en-GB","potentialAction":[{"@type":"ReadAction","target":["https:\/\/hlinar.sk\/najcastejsie-otazky-a-odpovede-z-praxe\/faq-hlinene-omietky\/"]}]},{"@type":"ImageObject","inLanguage":"en-GB","@id":"https:\/\/hlinar.sk\/najcastejsie-otazky-a-odpovede-z-praxe\/faq-hlinene-omietky\/#primaryimage","url":"https:\/\/hlinar.sk\/sk\/wp-content\/uploads\/2019\/02\/sample-1024x768.jpg","contentUrl":"https:\/\/hlinar.sk\/sk\/wp-content\/uploads\/2019\/02\/sample-1024x768.jpg"},{"@type":"BreadcrumbList","@id":"https:\/\/hlinar.sk\/najcastejsie-otazky-a-odpovede-z-praxe\/faq-hlinene-omietky\/#breadcrumb","itemListElement":[{"@type":"ListItem","position":1,"name":"Home","item":"https:\/\/hlinar.sk\/"},{"@type":"ListItem","position":2,"name":"Naj\u010dastej\u0161ie ot\u00e1zky a odpovede z praxe","item":"https:\/\/hlinar.sk\/najcastejsie-otazky-a-odpovede-z-praxe\/"},{"@type":"ListItem","position":3,"name":"FAQ &#8211; Hlinen\u00e9 omietky"}]},{"@type":"WebSite","@id":"https:\/\/hlinar.sk\/#website","url":"https:\/\/hlinar.sk\/","name":"HLIN\u00c1R Stano Prorok","description":"Stavebniny od pr\u00edrody.","publisher":{"@id":"https:\/\/hlinar.sk\/#organization"},"potentialAction":[{"@type":"SearchAction","target":{"@type":"EntryPoint","urlTemplate":"https:\/\/hlinar.sk\/?s={search_term_string}"},"query-input":{"@type":"PropertyValueSpecification","valueRequired":true,"valueName":"search_term_string"}}],"inLanguage":"en-GB"},{"@type":"Organization","@id":"https:\/\/hlinar.sk\/#organization","name":"HLIN\u00c1R Stano Prorok","url":"https:\/\/hlinar.sk\/","logo":{"@type":"ImageObject","inLanguage":"en-GB","@id":"https:\/\/hlinar.sk\/#\/schema\/logo\/image\/","url":"https:\/\/hlinar.sk\/sk\/wp-content\/uploads\/2020\/11\/logo-na-stranku-s-nazvom-priesvit-biele.png","contentUrl":"https:\/\/hlinar.sk\/sk\/wp-content\/uploads\/2020\/11\/logo-na-stranku-s-nazvom-priesvit-biele.png","width":8048,"height":1432,"caption":"HLIN\u00c1R Stano Prorok"},"image":{"@id":"https:\/\/hlinar.sk\/#\/schema\/logo\/image\/"}}]}},"_links":{"self":[{"href":"https:\/\/hlinar.sk\/en\/wp-json\/wp\/v2\/pages\/62","targetHints":{"allow":["GET"]}}],"collection":[{"href":"https:\/\/hlinar.sk\/en\/wp-json\/wp\/v2\/pages"}],"about":[{"href":"https:\/\/hlinar.sk\/en\/wp-json\/wp\/v2\/types\/page"}],"author":[{"embeddable":true,"href":"https:\/\/hlinar.sk\/en\/wp-json\/wp\/v2\/users\/2"}],"replies":[{"embeddable":true,"href":"https:\/\/hlinar.sk\/en\/wp-json\/wp\/v2\/comments?post=62"}],"version-history":[{"count":10,"href":"https:\/\/hlinar.sk\/en\/wp-json\/wp\/v2\/pages\/62\/revisions"}],"predecessor-version":[{"id":5012,"href":"https:\/\/hlinar.sk\/en\/wp-json\/wp\/v2\/pages\/62\/revisions\/5012"}],"up":[{"embeddable":true,"href":"https:\/\/hlinar.sk\/en\/wp-json\/wp\/v2\/pages\/43"}],"wp:attachment":[{"href":"https:\/\/hlinar.sk\/en\/wp-json\/wp\/v2\/media?parent=62"}],"curies":[{"name":"wp","href":"https:\/\/api.w.org\/{rel}","templated":true}]}}